{"id":43,"date":"2015-09-01T16:53:36","date_gmt":"2015-09-01T16:53:36","guid":{"rendered":"http:\/\/axarquiaonline.com\/?page_id=43"},"modified":"2015-09-01T17:22:45","modified_gmt":"2015-09-01T17:22:45","slug":"archez","status":"publish","type":"page","link":"https:\/\/axarquiaonline.com\/index.php\/archez\/","title":{"rendered":"\u00c1rchez"},"content":{"rendered":"<p><a href=\"http:\/\/axarquiaonline.com\/wp-content\/uploads\/2015\/09\/6-Archez.gif\"><img loading=\"lazy\" decoding=\"async\" class=\"size-full wp-image-115 alignright\" src=\"http:\/\/axarquiaonline.com\/wp-content\/uploads\/2015\/09\/6-Archez.gif\" alt=\"6-Archez\" width=\"153\" height=\"153\" \/><\/a>* \u00c1rchez es, como su municipio, un pueblo peque\u00f1o, pero encantador, escondido al pie de la sierra entre C\u00f3mpeta y Canillas de Albaida. Vi\u00f1edos y olivares alfombran sus campos. El sol conserva sus parcelas rect\u00e1ngulares, en las que la uva cede su verdor dorado y se convierte en pasa. Guarda entre sus calles uno de los alminares m\u00e1s bellos y mejor conservados de la \u00e9poca mud\u00e9jar, la torre o alminar de la iglesia, joya nazar\u00ed que data del s. XV, fue declarado monumento nacional en 1.979.<\/p>\n<div id=\"colpueblo\">\n<p><b>Superficie:<\/b><\/p>\n<p>4,9 Km\u00b2.<\/p>\n<p><b>Otras Poblaciones:<\/b><\/p>\n<p>No tiene.<\/p>\n<p><b>Habitantes:<\/b><\/p>\n<p>399.<\/p>\n<p><b>Fiestas Oficiales:<\/b><\/p>\n<p>17 de Enero.<br \/>\n6 de Junio.<\/p>\n<\/div>\n<div id=\"colpueblo\">\n<p><b>Fiestas Populares:<\/b><\/p>\n<p><b>14 de Enero:<\/b> Fiesta de San Ant\u00f3n.<\/p>\n<p><b>6 de Junio:<\/b> Corpus Christi.<\/p>\n<p><b>9, 10 y 11 de Agosto:<\/b> Feria.<\/p>\n<p><b><br \/>\nLugares de Inter\u00e9s:<\/b><\/p>\n<p><b>Alminar de la Iglesia.<\/b> <i>Arquitectura Nazar\u00ed, s. XV.<\/i> Monumento Nacional desde 1.979. ( Iglesia de Ntra. Sra. de la Encarnaci\u00f3n. ).<\/p>\n<p><a href=\"http:\/\/axarquiaonline.com\/index.php\/almachar\/\">Anterior pueblo&#8230;<\/a><br \/>\n<a href=\"http:\/\/axarquiaonline.com\/index.php\/arenas\/\">Siguiente pueblo&#8230;<\/a><\/p>\n<\/div>\n","protected":false},"excerpt":{"rendered":"<p>* \u00c1rchez es, como su municipio, un pueblo peque\u00f1o, pero encantador, escondido al pie de la sierra entre C\u00f3mpeta y Canillas de Albaida. Vi\u00f1edos y olivares alfombran sus campos. El sol conserva sus parcelas rect\u00e1ngulares, en las que la uva cede su verdor dorado y se convierte en pasa. Guarda entre sus calles uno de &#8230; <a title=\"\u00c1rchez\" class=\"read-more\" href=\"https:\/\/axarquiaonline.com\/index.php\/archez\/\" aria-label=\"Leer m\u00e1s sobre \u00c1rchez\">Leer m\u00e1s<\/a><\/p>\n","protected":false},"author":1,"featured_media":0,"parent":0,"menu_order":0,"comment_status":"closed","ping_status":"closed","template":"","meta":{"_seopress_robots_primary_cat":"","_seopress_titles_title":"","_seopress_titles_desc":"","_seopress_robots_index":"","_exactmetrics_skip_tracking":false,"_exactmetrics_sitenote_active":false,"_exactmetrics_sitenote_note":"","_exactmetrics_sitenote_category":0,"footnotes":""},"class_list":["post-43","page","type-page","status-publish"],"_links":{"self":[{"href":"https:\/\/axarquiaonline.com\/index.php\/wp-json\/wp\/v2\/pages\/43","targetHints":{"allow":["GET"]}}],"collection":[{"href":"https:\/\/axarquiaonline.com\/index.php\/wp-json\/wp\/v2\/pages"}],"about":[{"href":"https:\/\/axarquiaonline.com\/index.php\/wp-json\/wp\/v2\/types\/page"}],"author":[{"embeddable":true,"href":"https:\/\/axarquiaonline.com\/index.php\/wp-json\/wp\/v2\/users\/1"}],"replies":[{"embeddable":true,"href":"https:\/\/axarquiaonline.com\/index.php\/wp-json\/wp\/v2\/comments?post=43"}],"version-history":[{"count":3,"href":"https:\/\/axarquiaonline.com\/index.php\/wp-json\/wp\/v2\/pages\/43\/revisions"}],"predecessor-version":[{"id":117,"href":"https:\/\/axarquiaonline.com\/index.php\/wp-json\/wp\/v2\/pages\/43\/revisions\/117"}],"wp:attachment":[{"href":"https:\/\/axarquiaonline.com\/index.php\/wp-json\/wp\/v2\/media?parent=43"}],"curies":[{"name":"wp","href":"https:\/\/api.w.org\/{rel}","templated":true}]}}